


{"version":"1.0","provider_name":"Privredna komora Crne Gore","provider_url":"https:\/\/komora.me\/en","author_name":"admin","author_url":"https:\/\/komora.me\/en\/author\/admin","title":"Coordination Board for Digital Transformation - Privredna komora Crne Gore","type":"rich","width":600,"height":338,"html":"<blockquote class=\"wp-embedded-content\" data-secret=\"8J068YWU5s\"><a href=\"https:\/\/komora.me\/en\/cem\/koordinacioni-odbor-za-digitalnu-transformaciju\">Coordination Board for Digital Transformation<\/a><\/blockquote><iframe sandbox=\"allow-scripts\" security=\"restricted\" src=\"https:\/\/komora.me\/en\/cem\/koordinacioni-odbor-za-digitalnu-transformaciju\/embed#?secret=8J068YWU5s\" width=\"600\" height=\"338\" title=\"&#8220;Coordination Board for Digital Transformation&#8221; &#8212; Privredna komora Crne Gore\" data-secret=\"8J068YWU5s\" frameborder=\"0\" marginwidth=\"0\" marginheight=\"0\" scrolling=\"no\" class=\"wp-embedded-content\"><\/iframe><script type=\"text\/javascript\">\n\/* <![CDATA[ *\/\n\/*! This file is auto-generated *\/\n!function(d,l){\"use strict\";l.querySelector&&d.addEventListener&&\"undefined\"!=typeof URL&&(d.wp=d.wp||{},d.wp.receiveEmbedMessage||(d.wp.receiveEmbedMessage=function(e){var t=e.data;if((t||t.secret||t.message||t.value)&&!\/[^a-zA-Z0-9]\/.test(t.secret)){for(var s,r,n,a=l.querySelectorAll('iframe[data-secret=\"'+t.secret+'\"]'),o=l.querySelectorAll('blockquote[data-secret=\"'+t.secret+'\"]'),c=new RegExp(\"^https?:$\",\"i\"),i=0;i<o.length;i++)o[i].style.display=\"none\";for(i=0;i<a.length;i++)s=a[i],e.source===s.contentWindow&&(s.removeAttribute(\"style\"),\"height\"===t.message?(1e3<(r=parseInt(t.value,10))?r=1e3:~~r<200&&(r=200),s.height=r):\"link\"===t.message&&(r=new URL(s.getAttribute(\"src\")),n=new URL(t.value),c.test(n.protocol))&&n.host===r.host&&l.activeElement===s&&(d.top.location.href=t.value))}},d.addEventListener(\"message\",d.wp.receiveEmbedMessage,!1),l.addEventListener(\"DOMContentLoaded\",function(){for(var e,t,s=l.querySelectorAll(\"iframe.wp-embedded-content\"),r=0;r<s.length;r++)(t=(e=s[r]).getAttribute(\"data-secret\"))||(t=Math.random().toString(36).substring(2,12),e.src+=\"#?secret=\"+t,e.setAttribute(\"data-secret\",t)),e.contentWindow.postMessage({message:\"ready\",secret:t},\"*\")},!1)))}(window,document);\n\/\/# sourceURL=https:\/\/komora.me\/wp-includes\/js\/wp-embed.min.js\n\/* ]]> *\/\n<\/script>\n","thumbnail_url":"https:\/\/komora.me\/wp-content\/uploads\/2023\/05\/wDSC_0077.jpg","thumbnail_width":660,"thumbnail_height":440,"description":"Secretary of the Coordination Board for Digital Transformation: Nada Rako\u010devi\u0107 nrakocevic@pkcg.org Members: Du\u0161an Radusinovi\u0107, predsjednik, MTEL Anja Ademovi\u0107, zamjenica predsjednika, Startup ekosistem (Digital Den) Branimir Bukili\u0107, OU ICT, Data Design Armend Milla, Ministarstvo ekonomskog razvoja i turizma Bojana Baji\u0107, Ministarstvo finansija Branko Mitrovi\u0107, ONE1 Danko Obradovi\u0107, Odbor za digitalnu transformaciju Unije poslodavaca Darko Globarevi\u0107, OU \u0161peditera, Zetatrans\u00a0 Darko Grgurovi\u0107, Agencija za elektronske komunikacije i po\u0161tansku djelatnost Igor Banovi\u0107, OU saobra\u0107aja, Jadro Pilot and Tug Services Dra\u017een Rai\u010dkovi\u0107, Odbor za digitalnu transformaciju AMM D\u017eevad Puri\u0161i\u0107 \u2013 Ministarstvo javne uprave Radenko Vujo\u0161evi\u0107, OU komunalne privrede, Komunalno \u2013 Lim Ivan Bojanovi\u0107, ICT komitet [&hellip;]"}